{"id":1421,"date":"2020-04-03T12:48:18","date_gmt":"2020-04-03T09:48:18","guid":{"rendered":"https:\/\/www.inlatplus.lv\/lv\/?post_type=advice&#038;p=1421"},"modified":"2020-04-03T12:50:47","modified_gmt":"2020-04-03T09:50:47","slug":"vai-covid-19-apstaklos-drikst-sutit-darbiniekus-uz-obligato-veselibas-parbaudi","status":"publish","type":"advice","link":"https:\/\/www.inlatplus.lv\/lv\/archives\/advice\/vai-covid-19-apstaklos-drikst-sutit-darbiniekus-uz-obligato-veselibas-parbaudi","title":{"rendered":"Vai COVID-19 apst\u0101k\u013cos dr\u012bkst s\u016bt\u012bt darbiniekus uz oblig\u0101to vesel\u012bbas p\u0101rbaudi?"},"content":{"rendered":"\n<p>Uz doto br\u012bdi Latvij\u0101 ir sp\u0113k\u0101 Vesel\u012bbas ministra 2020.gada 25.marta r\u012bkojums Nr.25 \u201ePar vesel\u012bbas apr\u016bpes pakalpojumu snieg\u0161anas ierobe\u017eo\u0161anu \u0101rk\u0101rt\u0113j\u0101s situ\u0101cijas laik\u0101\u201d, saska\u0146\u0101 ar kuru \u0161\u0101da veida pakalpojumu nav iesp\u0113jams sa\u0146emt, jo \u0161\u0101ds pakalpojums nebija iek\u013cauts at\u013cauto pakalpojumu sarakst\u0101.<\/p>\n\n<p>Saska\u0146\u0101 ar augst\u0101k min\u0113to r\u012bkojumu, vesel\u012bbas apr\u016bpes pakalpojumu snieg\u0161ana ir p\u0101rtraukta, iz\u0146emot:<\/p>\n\n<ul><li>neatliekamo medic\u012bnisko un ak\u016bto pal\u012bdz\u012bbu, tai skait\u0101 nepiecie\u0161amos izmekl\u0113jumus un konsult\u0101cijas;<\/li><li>\u0123imenes \u0101rsta sniegtos vesel\u012bbas apr\u016bpes pakalpojumus;<\/li><li>vakcin\u0101cijas pakalpojumus, izveidojot atsevi\u0161\u0137as pl\u016bsmas b\u0113rniem un pieaugu\u0161ajiem;<\/li><li>vesel\u012bbas apr\u016bpes pakalpojumus m\u0101j\u0101s;<\/li><li>zob\u0101rstniec\u012bbas pakalpojumus ak\u016btos un neatliekamos gad\u012bjumos;<\/li><li>pakalpojumus, lai nodro\u0161in\u0101tu terapijas nep\u0101rtraukt\u012bbu &#8211; \u0137\u012bmijterapija, biolo\u0123iskie medikamenti, org\u0101nu aizst\u0101j\u0113jterapija, staru terapija, dienas stacion\u0101ra pakalpojumi hematolo\u0123ij\u0101, metadona aizvietojo\u0161\u0101 terapija, k\u0101 ar\u012b pacientiem, kuriem j\u0101turpina vai j\u0101pabeidz stacion\u0101ri neatliekam\u0101 k\u0101rt\u0101 uzs\u0101kta \u0101rst\u0113\u0161ana;<\/li><li>onkolo\u0123isk\u0101s, dz\u012bv\u012bbu gl\u0101bjo\u0161as, k\u0101 ar\u012b t\u0101das oper\u0101cijas, kuru atcel\u0161anas rezult\u0101t\u0101 var iest\u0101ties invalidit\u0101te;<\/li><li>pakalpojumus &#8220;Za\u013c\u0101 koridora&#8221; ietvaros;<\/li><li>vesel\u012bbas apr\u016bpes pakalpojumus saist\u012bb\u0101 ar \u0161\u0101du slim\u012bbu grupu \u0101rst\u0113\u0161anu &#8211; onkolo\u0123ija; HIV\/AIDS; tuberkuloze; psihiatrija; lip\u012bg\u0101s \u0101das slim\u012bbas un seksu\u0101li transmis\u012bv\u0101s slim\u012bbas; traumatolo\u0123ija;<\/li><li>gr\u016btnie\u010du apr\u016bpi;<\/li><li>ak\u016bt\u0101s un subak\u016bt\u0101s rehabilit\u0101cijas pakalpojumus person\u0101m, kur\u0101m \u0161\u012b pakalpojumu atlik\u0161ana var rad\u012bt invalidiz\u0101cijas risku vai darbasp\u0113ju zaud\u0113\u0161anu, tai skait\u0101 b\u0113rniem, kuriem rehabilit\u0101cijas pakalpojumu atlik\u0161ana saist\u012bta ar iev\u0113rojamu funkcion\u0113\u0161anas trauc\u0113jumu pasliktin\u0101\u0161anos.<\/li><\/ul>\n\n<p>Bez tam, saska\u0146\u0101 ar Ministru kabineta 2020.gada 12.marta R\u012bkojuma Nr. 103 \u201ePar \u0101rk\u0101rt\u0113j\u0101s situ\u0101cijas izsludin\u0101\u0161anu\u201d 4.49.punktu, darba dev\u0113js \u0101rk\u0101rt\u0113j\u0101s situ\u0101cijas laik\u0101 ir ties\u012bgs nodarbin\u0101t personu bez oblig\u0101t\u0101s vesel\u012bbas p\u0101rbaudes veik\u0161anas atbilsto\u0161i normat\u012bvajiem aktiem, kas regul\u0113 oblig\u0101t\u0101s vesel\u012bbas p\u0101rbaudes veik\u0161anas k\u0101rt\u012bbu, ja ar vesel\u012bbas ministra r\u012bkojumu vai citu \u0101r\u0113jo normat\u012bvo aktu ir p\u0101rtraukta vesel\u012bbas apr\u016bpes pakalpojumu snieg\u0161ana, kas nepiecie\u0161ama oblig\u0101t\u0101s vesel\u012bbas p\u0101rbaudes veik\u0161anai. \u0160is iz\u0146\u0113mums neattiecas uz pirmreiz\u0113jo vesel\u012bbas p\u0101rbaudi person\u0101m, kuras paredz\u0113ts nodarbin\u0101t darb\u0101 \u012bpa\u0161os apst\u0101k\u013cos.<\/p>\n","protected":false},"template":"","yoast_head":"\n<meta name=\"robots\" content=\"index, follow, max-snippet:-1, max-image-preview:large, max-video-preview:-1\" \/>\n<link rel=\"canonical\" href=\"https:\/\/www.inlatplus.lv\/en\/archives\/advice\/vai-covid-19-apstaklos-drikst-sutit-darbiniekus-uz-obligato-veselibas-parbaudi\" \/>\n<meta property=\"og:locale\" content=\"lv_LV\" \/>\n<meta property=\"og:type\" content=\"article\" \/>\n<meta property=\"og:title\" content=\"Vai COVID-19 apst\u0101k\u013cos dr\u012bkst s\u016bt\u012bt darbiniekus uz oblig\u0101to vesel\u012bbas p\u0101rbaudi?\" \/>\n<meta property=\"og:description\" content=\"\u041d\u0430 \u0441\u0435\u0433\u043e\u0434\u043d\u044f\u0448\u043d\u0438\u0439 \u0434\u0435\u043d\u044c \u0432 \u041b\u0430\u0442\u0432\u0438\u0438 \u0434\u0435\u0439\u0441\u0442\u0432\u0443\u0435\u0442 \u0440\u0430\u0441\u043f\u043e\u0440\u044f\u0436\u0435\u043d\u0438\u0435 \u211659 \u043e\u0442 25 \u043c\u0430\u0440\u0442\u0430 2020 \u0433\u043e\u0434\u0430 \u00ab\u041e\u0431 \u043e\u0433\u0440\u0430\u043d\u0438\u0447\u0435\u043d\u0438\u0438 \u043f\u0440\u0435\u0434\u043e\u0441\u0442\u0430\u0432\u043b\u0435\u043d\u0438\u044f \u0443\u0441\u043b\u0443\u0433 \u043e\u0431 \u0443\u0445\u043e\u0434\u0435 \u0437\u0430 \u0437\u0434\u043e\u0440\u043e\u0432\u044c\u0435\u043c \u0432\u043e \u0432\u0440\u0435\u043c\u044f \u0447\u0440\u0435\u0437\u0432\u044b\u0447\u0430\u0439\u043d\u043e\u0439 \u0441\u0438\u0442\u0443\u0430\u0446\u0438\u0438\u00bb, \u0441\u043e\u0433\u043b\u0430\u0441\u043d\u043e \u043a\u043e\u0442\u043e\u0440\u043e\u043c\u0443 \u0442\u0430\u043a\u043e\u0439 \u0432\u0438\u0434 \u0443\u0441\u043b\u0443\u0433 \u043d\u0435\u0432\u043e\u0437\u043c\u043e\u0436\u043d\u043e \u043f\u043e\u043b\u0443\u0447\u0438\u0442\u044c, \u0442\u0430\u043a \u043a\u0430\u043a \u0442\u0430\u043a\u0430\u044f \u0443\u0441\u043b\u0443\u0433\u0430 \u043d\u0435 \u0431\u044b\u043b\u0430 \u0432\u043a\u043b\u044e\u0447\u0435\u043d\u0430 \u0432 \u0441\u043f\u0438\u0441\u043e\u043a \u0440\u0430\u0437\u0440\u0435\u0448\u0435\u043d\u043d\u044b\u0445 \u0443\u0441\u043b\u0443\u0433. \u0421\u043e\u0433\u043b\u0430\u0441\u043d\u043e \u0432\u044b\u0448\u0435\u0443\u043a\u0430\u0437\u0430\u043d\u043d\u043e\u043c\u0443 \u0440\u0430\u0441\u043f\u043e\u0440\u044f\u0436\u0435\u043d\u0438\u044e \u043f\u0440\u0435\u0434\u043e\u0441\u0442\u0430\u0432\u043b\u0435\u043d\u0438\u0435 \u0443\u0441\u043b\u0443\u0433 \u043f\u043e \u0443\u0445\u043e\u0434\u0443 \u0437\u0430 \u0437\u0434\u043e\u0440\u043e\u0432\u044c\u0435\u043c \u043f\u0440\u0438\u043e\u0441\u0442\u0430\u043d\u043e\u0432\u043b\u0435\u043d\u043e, \u0438\u0441\u043a\u043b\u044e\u0447\u0430\u044f: \u043d\u0435\u043e\u0442\u043b\u043e\u0436\u043d\u0443\u044e [&hellip;]\" \/>\n<meta property=\"og:url\" content=\"https:\/\/www.inlatplus.lv\/en\/archives\/advice\/vai-covid-19-apstaklos-drikst-sutit-darbiniekus-uz-obligato-veselibas-parbaudi\" \/>\n<meta property=\"og:site_name\" content=\"Inlatplus\" \/>\n<meta property=\"article:publisher\" content=\"https:\/\/www.facebook.com\/inlatplus\" \/>\n<meta property=\"article:modified_time\" content=\"2020-04-03T09:50:47+00:00\" \/>\n<meta property=\"og:image\" content=\"https:\/\/www.inlatplus.lv\/wp-content\/uploads\/2020\/06\/inlatplus-sharing.jpg\" \/>\n\t<meta property=\"og:image:width\" content=\"1000\" \/>\n\t<meta property=\"og:image:height\" content=\"523\" \/>\n<meta name=\"twitter:card\" content=\"summary_large_image\" \/>\n<meta name=\"twitter:label1\" content=\"Written by\">\n\t<meta name=\"twitter:data1\" content=\"Inlatplus\">\n\t<meta name=\"twitter:label2\" content=\"Est. reading time\">\n\t<meta name=\"twitter:data2\" content=\"3 minutes\">\n<script type=\"application\/ld+json\" class=\"yoast-schema-graph\">{\"@context\":\"https:\/\/schema.org\",\"@graph\":[{\"@type\":\"WebSite\",\"@id\":\"https:\/\/www.inlatplus.lv\/ru\/#website\",\"url\":\"https:\/\/www.inlatplus.lv\/ru\/\",\"name\":\"Inlatplus\",\"description\":\"-\",\"potentialAction\":[{\"@type\":\"SearchAction\",\"target\":\"https:\/\/www.inlatplus.lv\/ru\/?s={search_term_string}\",\"query-input\":\"required name=search_term_string\"}],\"inLanguage\":\"lv\"},{\"@type\":\"WebPage\",\"@id\":\"https:\/\/www.inlatplus.lv\/en\/archives\/advice\/vai-covid-19-apstaklos-drikst-sutit-darbiniekus-uz-obligato-veselibas-parbaudi#webpage\",\"url\":\"https:\/\/www.inlatplus.lv\/en\/archives\/advice\/vai-covid-19-apstaklos-drikst-sutit-darbiniekus-uz-obligato-veselibas-parbaudi\",\"name\":\"[:ru]\\u041c\\u043e\\u0436\\u043d\\u043e \\u043b\\u0438 \\u0432 \\u0443\\u0441\\u043b\\u043e\\u0432\\u0438\\u044f\\u0445 COVID-19 \\u043e\\u0442\\u043f\\u0440\\u0430\\u0432\\u043b\\u044f\\u0442\\u044c \\u0440\\u0430\\u0431\\u043e\\u0442\\u043d\\u0438\\u043a\\u043e\\u0432 \\u043d\\u0430 \\u043e\\u0431\\u044f\\u0437\\u0430\\u0442\\u0435\\u043b\\u044c\\u043d\\u0443\\u044e \\u043f\\u0440\\u043e\\u0432\\u0435\\u0440\\u043a\\u0443 \\u0437\\u0434\\u043e\\u0440\\u043e\\u0432\\u044c\\u044f?[:en]Is it possible to send employees to a mandatory health check during the COVID-19 pandemic?[:lv]Vai COVID-19 apst\\u0101k\\u013cos dr\\u012bkst s\\u016bt\\u012bt darbiniekus uz oblig\\u0101to vesel\\u012bbas p\\u0101rbaudi?[:] - Inlatplus\",\"isPartOf\":{\"@id\":\"https:\/\/www.inlatplus.lv\/ru\/#website\"},\"datePublished\":\"2020-04-03T09:48:18+00:00\",\"dateModified\":\"2020-04-03T09:50:47+00:00\",\"inLanguage\":\"lv\",\"potentialAction\":[{\"@type\":\"ReadAction\",\"target\":[\"https:\/\/www.inlatplus.lv\/en\/archives\/advice\/vai-covid-19-apstaklos-drikst-sutit-darbiniekus-uz-obligato-veselibas-parbaudi\"]}]}]}<\/script>\n","_links":{"self":[{"href":"https:\/\/www.inlatplus.lv\/lv\/wp-json\/wp\/v2\/advice\/1421"}],"collection":[{"href":"https:\/\/www.inlatplus.lv\/lv\/wp-json\/wp\/v2\/advice"}],"about":[{"href":"https:\/\/www.inlatplus.lv\/lv\/wp-json\/wp\/v2\/types\/advice"}],"wp:attachment":[{"href":"https:\/\/www.inlatplus.lv\/lv\/wp-json\/wp\/v2\/media?parent=1421"}],"curies":[{"name":"wp","href":"https:\/\/api.w.org\/{rel}","templated":true}]}}